{"id":2295,"date":"2021-05-27T11:58:14","date_gmt":"2021-05-27T09:58:14","guid":{"rendered":"https:\/\/oin.at\/?page_id=2295"},"modified":"2023-03-22T17:43:45","modified_gmt":"2023-03-22T16:43:45","slug":"projekte-feedinn","status":"publish","type":"page","link":"https:\/\/oin.at\/en\/projekte\/projekte-feedinn","title":{"rendered":"FEEDINN"},"content":{"rendered":"<section id=\"home\" class=\"vc_row wpb_row vc_row-fluid vc_custom_1449804203564\" style=\"color: \"><div class=\"wpb_column vc_column_container vc_col-sm-12\"><div class=\"vc_column-inner vc_custom_1444218377317\"><div class=\"wpb_wrapper\">\n\t\t\t<!-- START FEEDINN Hero REVOLUTION SLIDER 6.6.15 --><p class=\"rs-p-wp-fix\"><\/p>\n\t\t\t<rs-module-wrap id=\"rev_slider_15_1_wrapper\" data-source=\"gallery\" style=\"visibility:hidden;background:transparent;padding:0;margin:0px auto;margin-top:0;margin-bottom:0;\">\n\t\t\t\t<rs-module id=\"rev_slider_15_1\" style=\"\" data-version=\"6.6.15\">\n\t\t\t\t\t<rs-slides style=\"overflow: hidden; position: absolute;\">\n\t\t\t\t\t\t<rs-slide style=\"position: absolute;\" data-key=\"rs-26\" data-title=\"Intro\" data-anim=\"adpr:false;ms:2000;\" data-in=\"o:-0.5;sx:1.6;sy:1.6;e:power4.inOut;\" data-out=\"o:0;sx:0.6;sy:0.6;e:power4.inOut;\">\n\t\t\t\t\t\t\t<img fetchpriority=\"high\" decoding=\"async\" src=\"\/\/oin.at\/wp-content\/plugins\/revslider\/public\/assets\/assets\/dummy.png\" alt=\"\" title=\"DSCN0306\" width=\"2560\" height=\"1920\" class=\"rev-slidebg tp-rs-img rs-lazyload\" data-lazyload=\"\/\/oin.at\/wp-content\/uploads\/2021\/07\/DSCN0306-scaled.jpg\" data-parallax=\"10\" data-no-retina>\n<!--\n\t\t\t\t\t\t\t--><rs-layer\n\t\t\t\t\t\t\t\tid=\"slider-15-slide-26-layer-1\" \n\t\t\t\t\t\t\t\tclass=\"NotGeneric-Title\"\n\t\t\t\t\t\t\t\tdata-type=\"text\"\n\t\t\t\t\t\t\t\tdata-color=\"rgba(255,255,255,1)\"\n\t\t\t\t\t\t\t\tdata-rsp_ch=\"on\"\n\t\t\t\t\t\t\t\tdata-xy=\"x:c;y:m;yo:0,0,-22px,-29px;\"\n\t\t\t\t\t\t\t\tdata-text=\"s:70,70,70,50;l:70,70,70,50;fw:800;\"\n\t\t\t\t\t\t\t\tdata-padding=\"t:10;b:10;\"\n\t\t\t\t\t\t\t\tdata-frame_0=\"sX:1.5;sY:1.5;\"\n\t\t\t\t\t\t\t\tdata-frame_0_mask=\"u:t;\"\n\t\t\t\t\t\t\t\tdata-frame_1=\"st:1000;sp:1500;\"\n\t\t\t\t\t\t\t\tdata-frame_1_mask=\"u:t;\"\n\t\t\t\t\t\t\t\tdata-frame_999=\"y:100%;e:power2.inOut;st:w;sp:1000;\"\n\t\t\t\t\t\t\t\tdata-frame_999_mask=\"u:t;\"\n\t\t\t\t\t\t\t\tstyle=\"z-index:9;font-family:'Raleway';\"\n\t\t\t\t\t\t\t>FEEDINN \n\t\t\t\t\t\t\t<\/rs-layer><!--\n\n\t\t\t\t\t\t\t--><rs-layer\n\t\t\t\t\t\t\t\tid=\"slider-15-slide-26-layer-4\" \n\t\t\t\t\t\t\t\tclass=\"NotGeneric-SubTitle\"\n\t\t\t\t\t\t\t\tdata-type=\"text\"\n\t\t\t\t\t\t\t\tdata-color=\"rgba(255,255,255,1)\"\n\t\t\t\t\t\t\t\tdata-rsp_ch=\"on\"\n\t\t\t\t\t\t\t\tdata-xy=\"x:c;y:m;yo:52px,52px,28px,13px;\"\n\t\t\t\t\t\t\t\tdata-text=\"s:13;l:20;ls:4px;fw:500;\"\n\t\t\t\t\t\t\t\tdata-frame_0=\"y:100%;\"\n\t\t\t\t\t\t\t\tdata-frame_0_mask=\"u:t;y:100%;\"\n\t\t\t\t\t\t\t\tdata-frame_1=\"e:power4.inOut;st:1000;sp:1500;\"\n\t\t\t\t\t\t\t\tdata-frame_1_mask=\"u:t;\"\n\t\t\t\t\t\t\t\tdata-frame_999=\"y:100%;e:power2.inOut;st:w;sp:1000;\"\n\t\t\t\t\t\t\t\tdata-frame_999_mask=\"u:t;\"\n\t\t\t\t\t\t\t\tstyle=\"z-index:10;font-family:'Raleway';\"\n\t\t\t\t\t\t\t>M\u00d6GLICHKEITSR\u00c4UME F\u00dcR EIN NACHHALTIGES URBANES ERN\u00c4HRUNGSSYSTEM \n\t\t\t\t\t\t\t<\/rs-layer><!--\n\n\t\t\t\t\t\t\t--><rs-layer\n\t\t\t\t\t\t\t\tid=\"slider-15-slide-26-layer-10\" \n\t\t\t\t\t\t\t\tclass=\"tp-shape tp-shapewrapper\"\n\t\t\t\t\t\t\t\tdata-type=\"shape\"\n\t\t\t\t\t\t\t\tdata-xy=\"x:c;y:m;\"\n\t\t\t\t\t\t\t\tdata-text=\"fw:800;\"\n\t\t\t\t\t\t\t\tdata-dim=\"w:100%;h:100%;\"\n\t\t\t\t\t\t\t\tdata-basealign=\"slide\"\n\t\t\t\t\t\t\t\tdata-rsp_bd=\"off\"\n\t\t\t\t\t\t\t\tdata-frame_1=\"st:750;sp:1500;\"\n\t\t\t\t\t\t\t\tdata-frame_999=\"e:nothing;st:w;\"\n\t\t\t\t\t\t\t\tstyle=\"z-index:8;background-color:rgba(0,0,0,0.40);\"\n\t\t\t\t\t\t\t> \n\t\t\t\t\t\t\t<\/rs-layer><!--\n-->\t\t\t\t\t\t<\/rs-slide>\n\t\t\t\t\t<\/rs-slides>\n\t\t\t\t<\/rs-module>\n\t\t\t\t<script>\n\t\t\t\t\tsetREVStartSize({c: 'rev_slider_15_1',rl:[1240,1024,778,480],el:[600,500,400,300],gw:[1240,1024,778,480],gh:[600,500,400,300],type:'hero',justify:'',layout:'fullwidth',mh:\"0\"});if (window.RS_MODULES!==undefined && window.RS_MODULES.modules!==undefined && window.RS_MODULES.modules[\"revslider151\"]!==undefined) {window.RS_MODULES.modules[\"revslider151\"].once = false;window.revapi15 = undefined;if (window.RS_MODULES.checkMinimal!==undefined) window.RS_MODULES.checkMinimal()}\n\t\t\t\t<\/script>\n\t\t\t<\/rs-module-wrap>\n\t\t\t<!-- END REVOLUTION SLIDER -->\n<\/div><\/div><\/div><\/section><section id=\"about\" class=\"vc_row wpb_row vc_row-fluid clear_sec\" style=\"color: \"><div class=\"spe_about fixpadding_left wpb_column vc_column_container vc_col-sm-6 vc_col-lg-6 vc_col-md-6 vc_col-has-fill\"><div class=\"vc_column-inner vc_custom_1612803860439\"><div class=\"wpb_wrapper\"><div class=\"events_heading text-left oin__heading\">\n<h2>FEEDINN<\/h2>\n<h5>Possibility spaces for a sustainable urban food system.<\/h5>\n<hr\/><\/div>\n\t<div class=\"wpb_text_column wpb_content_element  about_info\" >\n\t\t<div class=\"wpb_wrapper\">\n\t\t\t<p><em><span style=\"color: #ff9900;\">FeedINN<\/span><\/em>\u00a0 gets the transition processes in the food space Innsbruck going by creating concrete meeting and action spaces. The aim is to anchor sustainable food planning for the city of Innsbruck through \"multi-level governance\".<\/p>\n<p><strong>Concrete activities are<\/strong>: Networking and support of committed actors, creation of structures for sustainable food planning, support of exemplary cooperation projects for sustainable resource use and awareness raising.<\/p>\n<p>Identifying, networking and supporting actors for sustainable urban food planning<\/p>\n<p><strong>Experimental field 1:<\/strong> Establish the Innsbruck market hall as a central node. Based on two concrete current challenges (waste reduction and youth nutrition education), the current management and market management are supported in this process!<\/p>\n<p><strong>Experimental field 2<\/strong>: Turning one of the last large agricultural open spaces in the city into a social-ecological showcase project with integration, educational and ecological value: a world field and an ecologically managed intercultural community garden are supported in their development.<\/p>\n<p>&nbsp;<\/p>\n<p><strong>Funding amount<\/strong> 110.000 Euro<\/p>\n<p><strong>Project duration<\/strong> : March 2021 - August 2022<\/p>\n<p><img decoding=\"async\" class=\"wp-image-2306 alignleft\" src=\"https:\/\/oin.at\/wp-content\/uploads\/2021\/06\/KLIEN_Logo-300x240.png\" alt=\"Klimaundenergiefonds-Logo\" width=\"230\" height=\"184\" srcset=\"https:\/\/oin.at\/wp-content\/uploads\/2021\/06\/KLIEN_Logo-300x240.png 300w, https:\/\/oin.at\/wp-content\/uploads\/2021\/06\/KLIEN_Logo-1024x819.png 1024w, https:\/\/oin.at\/wp-content\/uploads\/2021\/06\/KLIEN_Logo-768x614.png 768w, https:\/\/oin.at\/wp-content\/uploads\/2021\/06\/KLIEN_Logo.png 1250w\" sizes=\"(max-width: 230px) 100vw, 230px\" \/><\/p>\n<p><em><span dir=\"ltr\">This project is funded by the \u201cKlima<\/span><span dir=\"ltr\">&#8211;<\/span><span dir=\"ltr\">und Energie Fonds\u201d and is carried out within the\u00a0<\/span><span dir=\"ltr\">framework of the \"Energy Transition\" programme.<\/span>.<\/em><\/p>\n\n\t\t<\/div>\n\t<\/div>\n<div class=\"vc_btn3-container vc_btn3-center\" ><a class=\"vc_general vc_btn3 vc_btn3-size-md vc_btn3-shape-rounded vc_btn3-style-modern vc_btn3-color-danger\" href=\"https:\/\/oin.at\/wp-content\/uploads\/2023\/03\/Leitfaden-Mehrweg-Take-away-10-06-022.pdf\" title=\"\" target=\"_blank\">Leitfaden Mehrweg-Take-away<\/a><\/div><div class=\"vc_btn3-container vc_btn3-center\" ><a class=\"vc_general vc_btn3 vc_btn3-size-md vc_btn3-shape-rounded vc_btn3-style-modern vc_btn3-color-danger\" href=\"https:\/\/oin.at\/wp-content\/uploads\/2023\/03\/Kurzpapier_FeedINN_KLIEN_DE.pdf\" title=\"\" target=\"_blank\">Kurzpapier FeedINN<\/a><\/div><\/div><\/div><\/div><div class=\"wpb_column vc_column_container vc_col-sm-6 vc_col-lg-6 vc_col-md-6 vc_col-has-fill\"><div class=\"vc_column-inner vc_custom_1616411481663\"><div class=\"wpb_wrapper\">\n\t<div class=\"wpb_single_image wpb_content_element vc_align_left\" data-animation=\"fadeInUp\" data-animation_delay=\"300\">\n\t\t<div class=\"wpb_wrapper\">\n\t\t\t\n\t\t\t<div class=\"vc_single_image-wrapper   vc_box_border_grey\"><img decoding=\"async\" width=\"300\" height=\"200\" src=\"https:\/\/oin.at\/wp-content\/uploads\/2021\/06\/radishes-322831_1920-300x200.jpg\" class=\"vc_single_image-img attachment-medium\" alt=\"\" srcset=\"https:\/\/oin.at\/wp-content\/uploads\/2021\/06\/radishes-322831_1920-300x200.jpg 300w, https:\/\/oin.at\/wp-content\/uploads\/2021\/06\/radishes-322831_1920-1024x683.jpg 1024w, https:\/\/oin.at\/wp-content\/uploads\/2021\/06\/radishes-322831_1920-768x512.jpg 768w, https:\/\/oin.at\/wp-content\/uploads\/2021\/06\/radishes-322831_1920-391x260.jpg 391w, https:\/\/oin.at\/wp-content\/uploads\/2021\/06\/radishes-322831_1920-1536x1024.jpg 1536w, https:\/\/oin.at\/wp-content\/uploads\/2021\/06\/radishes-322831_1920.jpg 1920w\" sizes=\"(max-width: 300px) 100vw, 300px\" \/><\/div>\n\t\t<\/div>\n\t<\/div>\n\n\t<div class=\"wpb_single_image wpb_content_element vc_align_left\" data-animation=\"fadeInUp\" data-animation_delay=\"300\">\n\t\t<div class=\"wpb_wrapper\">\n\t\t\t\n\t\t\t<div class=\"vc_single_image-wrapper   vc_box_border_grey\"><img loading=\"lazy\" decoding=\"async\" width=\"300\" height=\"169\" src=\"https:\/\/oin.at\/wp-content\/uploads\/2021\/06\/salad-2482457_1920-300x169.jpg\" class=\"vc_single_image-img attachment-medium\" alt=\"\" srcset=\"https:\/\/oin.at\/wp-content\/uploads\/2021\/06\/salad-2482457_1920-300x169.jpg 300w, https:\/\/oin.at\/wp-content\/uploads\/2021\/06\/salad-2482457_1920-1024x575.jpg 1024w, https:\/\/oin.at\/wp-content\/uploads\/2021\/06\/salad-2482457_1920-768x432.jpg 768w, https:\/\/oin.at\/wp-content\/uploads\/2021\/06\/salad-2482457_1920-1536x863.jpg 1536w, https:\/\/oin.at\/wp-content\/uploads\/2021\/06\/salad-2482457_1920.jpg 1920w\" sizes=\"(max-width: 300px) 100vw, 300px\" \/><\/div>\n\t\t<\/div>\n\t<\/div>\n<\/div><\/div><\/div><\/section><section class=\"vc_row wpb_row vc_row-fluid\" style=\"color: \"><div class=\"container\"><div class=\"row\"><div class=\"wpb_column vc_column_container vc_col-sm-12\"><div class=\"vc_column-inner\"><div class=\"wpb_wrapper\"><div class=\"vc_tta-container\" data-vc-action=\"collapse\"><div class=\"vc_general vc_tta vc_tta-accordion vc_tta-color-grey vc_tta-style-classic vc_tta-shape-rounded vc_tta-o-shape-group vc_tta-controls-align-left\"><div class=\"vc_tta-panels-container\"><div class=\"vc_tta-panels\"><div class=\"vc_tta-panel\" id=\"1616411817171-b84e45bc-94d9\" data-vc-content=\".vc_tta-panel-body\"><div class=\"vc_tta-panel-heading\"><h4 class=\"vc_tta-panel-title vc_tta-controls-icon-position-left\"><a href=\"#1616411817171-b84e45bc-94d9\" data-vc-accordion data-vc-container=\".vc_tta-container\"><span class=\"vc_tta-title-text\">Was in der Projektlaufzeit geschah<\/span><i class=\"vc_tta-controls-icon vc_tta-controls-icon-plus\"><\/i><\/a><\/h4><\/div><div class=\"vc_tta-panel-body\">\n\t<div class=\"wpb_text_column wpb_content_element  about_info\" >\n\t\t<div class=\"wpb_wrapper\">\n\t\t\t<p><span style=\"color: #ff9900;\"><em>11 March 2021 Online kick-off<\/em><\/span> for stakeholders and interested parties: For two hours, the\nextended project team together with the advisors of the Climate and Energy Fund dealt\nintensively with the starting project and prepared application contents for implementation.\nAfterwards, interested stakeholders were able to find out more about the project and\nexplore points of contact for the first time.<\/p>\n<p><a href=\"https:\/\/oin.at\/wp-content\/uploads\/2021\/06\/kick_off_infostunde.pdf\" target=\"_blank\" rel=\"noopener\"><u>Project presentation during the information hour<\/u><\/a><\/p>\n<p><span style=\"color: #ff9900;\"><em>17 March 2021 Inspection of the Kettenbr\u00fccke site:\u00a0<\/em><\/span>For the first time, all those involved in\nthe implementation of the new use planned there for the world field and community garden\nmet and concretely discussed the area and the challenges and opportunities that lie ahead\nthere. Present were: FeedINN project, representatives of the Sisters of Mercy Kettenbr\u00fccke,\nrepresentatives of the mayor's office, feld:schafft, Netzwerkstelle Gemeinschaftsg\u00e4rten Tirol.<\/p>\n<p><span style=\"color: #ff9900;\"><em>-Interviews were conducted <\/em><\/span>with stakeholders of the Innsbruck food system from\nproduction, administration, civil society, food industry. This provides deeper insights into\nchallenges, opportunities and limits - output: Analysis of a sustainable food system and food\nspace Innsbruck + Preparation and exploration of topics for the stakeholder workshops.<\/p>\n<p><span style=\"color: #ff9900;\"><em>-Discussions were held with tenants in the market hall<\/em><\/span>\u00a0to arrive at visions for a more\nsustainable market hall and to look for concrete approaches to waste reduction.<\/p>\n<p>The workshop: \u201e<span style=\"color: #ff9900;\"><em>Food as a field of action for sustainable and climate-neutral urban\ndevelopment in Innsbruck - dialogue, networking, strengthening<\/em><\/span>\"  was successfully held on\n29 September at the Innsbruck City Library. 37 people were present to learn about the\nresults of the stakeholder interviews and to exchange ideas in small groups. At three\nthematic tables, there were intensive discussions on where the journey for sustainable food\nplanning can continue in each case. For the topics &quot;urban community catering&quot; and &quot;urban\ngardening&quot;, it was possible to build on past discussions and projects, and stakeholders with\nyears of experience went straight into the in-depth discussion. The aim of the &quot;Urban-rural\nrelations for sustainable food systems&quot; topic table was much more exploratory, as there is\nhardly any experience in this area in Innsbruck. Together with experts, the topic and the\nconcrete possible approaches were outlined.<br \/>\n<strong><a href=\"https:\/\/oin.at\/wp-content\/uploads\/2022\/01\/210928_praes_schleyer_stakeholderanalyse.pdf\" target=\"_blank\" rel=\"noopener\">Here<\/a><\/strong> the presentation of the results of the stakeholder interviews<br \/>\n<a href=\"https:\/\/oin.at\/wp-content\/uploads\/2022\/01\/workshop_feedINN_290921_doku.pdf\" target=\"_blank\" rel=\"noopener\"><strong>Here<\/strong><\/a> the documentation of the workshop<br \/>\n<a href=\"https:\/\/energytransition.klimafonds.gv.at\/timeline\/ein-nachhaltiges-staedtisches-ernaehrungssystem-fuer-innsbruck-einblicke-aus-dem-projekt-feedinn\/\" target=\"_blank\" rel=\"noopener\" class=\"broken_link\"><strong>Here<\/strong><\/a> is a short interim status of the projects<\/p>\n<p>&#8211; <span style=\"color: #ff9900;\"><em>Pilot education programme Project days &quot;Ern\u00e4hrung findet Stadt&quot; <\/em><\/span>of our project partner\nfeld:schafft in close cooperation with FeedINN. Two school classes of an NMS spent 5 days\neach dealing with the topic of sustainable nutrition.<br \/>\n<a href=\"https:\/\/oin.at\/wp-content\/uploads\/2022\/01\/projekttage_odorf_kurzbericht.pdf\" target=\"_blank\" rel=\"noopener\"><strong>Here<\/strong><\/a> is a short project report<\/p>\n<p>&#8211; <span style=\"color: #ff9900;\"><em>Presentation<\/em><\/span>\u00a0of the FeedINN project at a workshop event of the Austrian Federal\nEnvironmental Agency &quot;Sustainable Nutrition in the Alpine Region&quot; on 10.11.2021<\/p>\n<p align=\"left\">- Planning is underway for a first season of <strong>the World Acre<\/strong> in 2022 by our partner\norganisation die feld:schafft.<\/p>\n<p>Planning of <strong>action days for waste reduction<\/strong> in the Markthalle Innsbruck on 18 and 19.3:\n\"Less is worth more! Going sustainable with the Markthalle Innsbruck\".Colourful\nprogramme on waste and waste reduction in the food sector, from proper storage and\n\nhygiene to leftover cooking and proper waste separation, introduction of a guide for refilling\ncustomer containers brought in,<\/p>\n<p>- Further <strong>networking of educational actors<\/strong> (cooperation within the framework of the World\nAcre)<\/p>\n<p>Support of contract work and communication strategy for <strong>the World Acre<\/strong><\/p>\n<p>\u2013 Planning and financing of further implementations of the project days \" <strong>\u201eErn\u00e4hrung findet\nStadt\"<\/strong> involving the World Acre, the Innsbruck Market Hall and the MOST project. The\neducational programme thus also connects the individual project parts and creates a longer-\nterm basis for schools to engage in sustainable nutrition in the district beyond the project\ndays (through cooperation with the MOST project and the City of Innsbruck).<\/p>\n\n\t\t<\/div>\n\t<\/div>\n<\/div><\/div><\/div><\/div><\/div><\/div><\/div><\/div><\/div><\/div><\/div><\/section>","protected":false},"excerpt":{"rendered":"FEEDINN M\u00d6GLICHKEITSR\u00c4UME F\u00dcR EIN NACHHALTIGES URBANES ERN\u00c4HRUNGSSYSTEM FEEDINN M\u00f6glichkeitsr\u00e4ume f\u00fcr ein nachhaltiges urbanes Ern\u00e4hrungssystem FeedINN\u00a0 bringt die Transitionsprozesse im Ern\u00e4hrungsraum Innsbruck in Schwung, indem konkrete Begegnungs- und Handlungsr\u00e4ume geschaffen werden. Ziel ist es nachhaltige Ern\u00e4hrungsplanung f\u00fcr die Stadt Innsbruck durch \u201eMulti-Level-Governance\u201c zu verankern. Konkrete Aktivit\u00e4ten sind: Vernetzung und Begleitung engagierter Akteur*innen, Schaffung von Strukturen f\u00fcr [...]","protected":false},"author":6,"featured_media":0,"parent":2131,"menu_order":0,"comment_status":"closed","ping_status":"closed","template":"templates\/visualcomposer_template.php","meta":{"_mi_skip_tracking":false,"_monsterinsights_sitenote_active":false,"_monsterinsights_sitenote_note":"","_monsterinsights_sitenote_category":0,"footnotes":""},"folder":[60],"class_list":["post-2295","page","type-page","status-publish","hentry"],"yoast_head":"<!-- This site is optimized with the Yoast SEO Premium plugin v16.5 (Yoast SEO v20.13) - https:\/\/yoast.com\/wordpress\/plugins\/seo\/ -->\n<title>FEEDINN - \u00d6IN Nachhaltigkeit Projekt<\/title>\n<meta name=\"description\" content=\"Las Mercedes: Das Klimaschutz- und Kunstprojekt des \u00d6IN und ArtEmbassy in Kolumbien.\" \/>\n<meta name=\"robots\" content=\"index, follow, max-snippet:-1, max-image-preview:large, max-video-preview:-1\" \/>\n<link rel=\"canonical\" href=\"https:\/\/oin.at\/en\/projekte\/projekte-feedinn\/\" \/>\n<meta property=\"og:locale\" content=\"en_GB\" \/>\n<meta property=\"og:type\" content=\"article\" \/>\n<meta property=\"og:title\" content=\"FEEDINN\" \/>\n<meta property=\"og:description\" content=\"Las Mercedes: Das Klimaschutz- und Kunstprojekt des \u00d6IN und ArtEmbassy in Kolumbien.\" \/>\n<meta property=\"og:url\" content=\"https:\/\/oin.at\/en\/projekte\/projekte-feedinn\/\" \/>\n<meta property=\"og:site_name\" content=\"\u00d6IN\" \/>\n<meta property=\"article:modified_time\" content=\"2023-03-22T16:43:45+00:00\" \/>\n<meta property=\"og:image\" content=\"https:\/\/oin.at\/wp-content\/uploads\/2021\/06\/KLIEN_Logo-300x240.png\" \/>\n<meta name=\"twitter:card\" content=\"summary_large_image\" \/>\n<meta name=\"twitter:label1\" content=\"Estimated reading time\" \/>\n\t<meta name=\"twitter:data1\" content=\"4 minutes\" \/>\n<script type=\"application\/ld+json\" class=\"yoast-schema-graph\">{\"@context\":\"https:\/\/schema.org\",\"@graph\":[{\"@type\":\"WebPage\",\"@id\":\"https:\/\/oin.at\/projekte\/projekte-feedinn\",\"url\":\"https:\/\/oin.at\/projekte\/projekte-feedinn\",\"name\":\"FEEDINN - \u00d6IN Nachhaltigkeit Projekt\",\"isPartOf\":{\"@id\":\"https:\/\/oin.at\/#website\"},\"datePublished\":\"2021-05-27T09:58:14+00:00\",\"dateModified\":\"2023-03-22T16:43:45+00:00\",\"description\":\"Las Mercedes: Das Klimaschutz- und Kunstprojekt des \u00d6IN und ArtEmbassy in Kolumbien.\",\"breadcrumb\":{\"@id\":\"https:\/\/oin.at\/projekte\/projekte-feedinn#breadcrumb\"},\"inLanguage\":\"en-GB\",\"potentialAction\":[{\"@type\":\"ReadAction\",\"target\":[\"https:\/\/oin.at\/projekte\/projekte-feedinn\"]}]},{\"@type\":\"BreadcrumbList\",\"@id\":\"https:\/\/oin.at\/projekte\/projekte-feedinn#breadcrumb\",\"itemListElement\":[{\"@type\":\"ListItem\",\"position\":1,\"name\":\"Startseite\",\"item\":\"https:\/\/oin.at\/\"},{\"@type\":\"ListItem\",\"position\":2,\"name\":\"Projekte\",\"item\":\"https:\/\/oin.at\/projekte\"},{\"@type\":\"ListItem\",\"position\":3,\"name\":\"FEEDINN\"}]},{\"@type\":\"WebSite\",\"@id\":\"https:\/\/oin.at\/#website\",\"url\":\"https:\/\/oin.at\/\",\"name\":\"\u00d6IN\",\"description\":\"Institut f\u00fcr Nachhaltige Entwicklung\",\"publisher\":{\"@id\":\"https:\/\/oin.at\/#organization\"},\"potentialAction\":[{\"@type\":\"SearchAction\",\"target\":{\"@type\":\"EntryPoint\",\"urlTemplate\":\"https:\/\/oin.at\/?s={search_term_string}\"},\"query-input\":\"required name=search_term_string\"}],\"inLanguage\":\"en-GB\"},{\"@type\":\"Organization\",\"@id\":\"https:\/\/oin.at\/#organization\",\"name\":\"\u00d6IN | \u00d6sterreichisches Institut f\u00fcr Nachhaltige Entwicklung\",\"url\":\"https:\/\/oin.at\/\",\"logo\":{\"@type\":\"ImageObject\",\"inLanguage\":\"en-GB\",\"@id\":\"https:\/\/oin.at\/#\/schema\/logo\/image\/\",\"url\":\"https:\/\/oin.at\/wp-content\/uploads\/2021\/03\/oinLogo_dt-CMYK-1-e1612797598919.png\",\"contentUrl\":\"https:\/\/oin.at\/wp-content\/uploads\/2021\/03\/oinLogo_dt-CMYK-1-e1612797598919.png\",\"width\":225,\"height\":54,\"caption\":\"\u00d6IN | \u00d6sterreichisches Institut f\u00fcr Nachhaltige Entwicklung\"},\"image\":{\"@id\":\"https:\/\/oin.at\/#\/schema\/logo\/image\/\"}}]}<\/script>\n<!-- \/ Yoast SEO Premium plugin. -->","yoast_head_json":{"title":"FEEDINN - \u00d6IN Nachhaltigkeit Projekt","description":"Las Mercedes: Das Klimaschutz- und Kunstprojekt des \u00d6IN und ArtEmbassy in Kolumbien.","robots":{"index":"index","follow":"follow","max-snippet":"max-snippet:-1","max-image-preview":"max-image-preview:large","max-video-preview":"max-video-preview:-1"},"canonical":"https:\/\/oin.at\/en\/projekte\/projekte-feedinn\/","og_locale":"en_GB","og_type":"article","og_title":"FEEDINN","og_description":"Las Mercedes: Das Klimaschutz- und Kunstprojekt des \u00d6IN und ArtEmbassy in Kolumbien.","og_url":"https:\/\/oin.at\/en\/projekte\/projekte-feedinn\/","og_site_name":"\u00d6IN","article_modified_time":"2023-03-22T16:43:45+00:00","og_image":[{"url":"https:\/\/oin.at\/wp-content\/uploads\/2021\/06\/KLIEN_Logo-300x240.png"}],"twitter_card":"summary_large_image","twitter_misc":{"Estimated reading time":"4 minutes"},"schema":{"@context":"https:\/\/schema.org","@graph":[{"@type":"WebPage","@id":"https:\/\/oin.at\/projekte\/projekte-feedinn","url":"https:\/\/oin.at\/projekte\/projekte-feedinn","name":"FEEDINN - \u00d6IN Nachhaltigkeit Projekt","isPartOf":{"@id":"https:\/\/oin.at\/#website"},"datePublished":"2021-05-27T09:58:14+00:00","dateModified":"2023-03-22T16:43:45+00:00","description":"Las Mercedes: Das Klimaschutz- und Kunstprojekt des \u00d6IN und ArtEmbassy in Kolumbien.","breadcrumb":{"@id":"https:\/\/oin.at\/projekte\/projekte-feedinn#breadcrumb"},"inLanguage":"en-GB","potentialAction":[{"@type":"ReadAction","target":["https:\/\/oin.at\/projekte\/projekte-feedinn"]}]},{"@type":"BreadcrumbList","@id":"https:\/\/oin.at\/projekte\/projekte-feedinn#breadcrumb","itemListElement":[{"@type":"ListItem","position":1,"name":"Startseite","item":"https:\/\/oin.at\/"},{"@type":"ListItem","position":2,"name":"Projekte","item":"https:\/\/oin.at\/projekte"},{"@type":"ListItem","position":3,"name":"FEEDINN"}]},{"@type":"WebSite","@id":"https:\/\/oin.at\/#website","url":"https:\/\/oin.at\/","name":"\u00d6IN","description":"Institut f\u00fcr Nachhaltige Entwicklung","publisher":{"@id":"https:\/\/oin.at\/#organization"},"potentialAction":[{"@type":"SearchAction","target":{"@type":"EntryPoint","urlTemplate":"https:\/\/oin.at\/?s={search_term_string}"},"query-input":"required name=search_term_string"}],"inLanguage":"en-GB"},{"@type":"Organization","@id":"https:\/\/oin.at\/#organization","name":"\u00d6IN | \u00d6sterreichisches Institut f\u00fcr Nachhaltige Entwicklung","url":"https:\/\/oin.at\/","logo":{"@type":"ImageObject","inLanguage":"en-GB","@id":"https:\/\/oin.at\/#\/schema\/logo\/image\/","url":"https:\/\/oin.at\/wp-content\/uploads\/2021\/03\/oinLogo_dt-CMYK-1-e1612797598919.png","contentUrl":"https:\/\/oin.at\/wp-content\/uploads\/2021\/03\/oinLogo_dt-CMYK-1-e1612797598919.png","width":225,"height":54,"caption":"\u00d6IN | \u00d6sterreichisches Institut f\u00fcr Nachhaltige Entwicklung"},"image":{"@id":"https:\/\/oin.at\/#\/schema\/logo\/image\/"}}]}},"_links":{"self":[{"href":"https:\/\/oin.at\/en\/wp-json\/wp\/v2\/pages\/2295","targetHints":{"allow":["GET"]}}],"collection":[{"href":"https:\/\/oin.at\/en\/wp-json\/wp\/v2\/pages"}],"about":[{"href":"https:\/\/oin.at\/en\/wp-json\/wp\/v2\/types\/page"}],"author":[{"embeddable":true,"href":"https:\/\/oin.at\/en\/wp-json\/wp\/v2\/users\/6"}],"replies":[{"embeddable":true,"href":"https:\/\/oin.at\/en\/wp-json\/wp\/v2\/comments?post=2295"}],"version-history":[{"count":29,"href":"https:\/\/oin.at\/en\/wp-json\/wp\/v2\/pages\/2295\/revisions"}],"predecessor-version":[{"id":2581,"href":"https:\/\/oin.at\/en\/wp-json\/wp\/v2\/pages\/2295\/revisions\/2581"}],"up":[{"embeddable":true,"href":"https:\/\/oin.at\/en\/wp-json\/wp\/v2\/pages\/2131"}],"wp:attachment":[{"href":"https:\/\/oin.at\/en\/wp-json\/wp\/v2\/media?parent=2295"}],"wp:term":[{"taxonomy":"folder","embeddable":true,"href":"https:\/\/oin.at\/en\/wp-json\/wp\/v2\/folder?post=2295"}],"curies":[{"name":"wp","href":"https:\/\/api.w.org\/{rel}","templated":true}]}}